{"id":1808,"date":"2023-05-30T14:37:24","date_gmt":"2023-05-30T12:37:24","guid":{"rendered":"https:\/\/crazy-spence.80-255-8-118.plesk.page\/team\/"},"modified":"2025-10-22T13:01:05","modified_gmt":"2025-10-22T11:01:05","slug":"team","status":"publish","type":"page","link":"https:\/\/prinect-anwendertage.org\/en\/team\/","title":{"rendered":"Team"},"content":{"rendered":"<div class=\"fusion-fullwidth fullwidth-box fusion-builder-row-1 fusion-flex-container has-pattern-background has-mask-background nonhundred-percent-fullwidth non-hundred-percent-height-scrolling\" style=\"--awb-border-radius-top-left:0px;--awb-border-radius-top-right:0px;--awb-border-radius-bottom-right:0px;--awb-border-radius-bottom-left:0px;--awb-padding-top:80px;--awb-flex-wrap:wrap;\" ><div class=\"fusion-builder-row fusion-row fusion-flex-align-items-stretch fusion-flex-content-wrap\" style=\"max-width:1248px;margin-left: calc(-4% \/ 2 );margin-right: calc(-4% \/ 2 );\"><div class=\"fusion-layout-column fusion_builder_column fusion-builder-column-0 fusion_builder_column_1_1 1_1 fusion-flex-column\" style=\"--awb-bg-size:cover;--awb-width-large:100%;--awb-margin-top-large:0px;--awb-spacing-right-large:1.92%;--awb-margin-bottom-large:100px;--awb-spacing-left-large:1.92%;--awb-width-medium:100%;--awb-order-medium:0;--awb-spacing-right-medium:1.92%;--awb-spacing-left-medium:1.92%;--awb-width-small:100%;--awb-order-small:0;--awb-spacing-right-small:1.92%;--awb-spacing-left-small:1.92%;\"><div class=\"fusion-column-wrapper fusion-column-has-shadow fusion-flex-justify-content-flex-start fusion-content-layout-column\"><div class=\"fusion-title title fusion-title-1 fusion-sep-none fusion-title-center fusion-title-text fusion-title-size-one\" style=\"--awb-margin-top-small:10px;--awb-margin-right-small:0px;--awb-margin-bottom-small:10px;--awb-margin-left-small:0px;\"><h1 class=\"fusion-title-heading title-heading-center fusion-responsive-typography-calculated\" style=\"margin:0;text-transform:uppercase;--fontSize:42;line-height:var(--awb-typography1-line-height);\">The Team<\/h1><\/div><div class=\"fusion-text fusion-text-1\" style=\"--awb-content-alignment:center;\"><p>The \u201emakers\u201c behind Prinect User Days:<\/p>\n<\/div><\/div><\/div><div class=\"fusion-layout-column fusion_builder_column fusion-builder-column-1 fusion_builder_column_1_3 1_3 fusion-flex-column\" style=\"--awb-padding-right:5%;--awb-padding-bottom:5%;--awb-padding-left:5%;--awb-bg-size:cover;--awb-box-shadow:0px 0px 25px 0px rgba(27,27,27,0.15);;--awb-width-large:33.333333333333%;--awb-margin-top-large:0px;--awb-spacing-right-large:5.76%;--awb-margin-bottom-large:100px;--awb-spacing-left-large:5.76%;--awb-width-medium:50%;--awb-order-medium:0;--awb-spacing-right-medium:3.84%;--awb-spacing-left-medium:3.84%;--awb-width-small:100%;--awb-order-small:0;--awb-spacing-right-small:1.92%;--awb-spacing-left-small:1.92%;\"><div class=\"fusion-column-wrapper fusion-column-has-shadow fusion-flex-justify-content-flex-start fusion-content-layout-column\"><div class=\"fusion-image-element \" style=\"text-align:center;--awb-mask-url: url(https:\/\/prinect-anwendertage.org\/wp-content\/plugins\/fusion-builder\/\/assets\/images\/masks\/mask-3.svg);--awb-margin-top:-50px;--awb-max-width:90px;--awb-caption-title-font-family:var(--h2_typography-font-family);--awb-caption-title-font-weight:var(--h2_typography-font-weight);--awb-caption-title-font-style:var(--h2_typography-font-style);--awb-caption-title-size:var(--h2_typography-font-size);--awb-caption-title-transform:var(--h2_typography-text-transform);--awb-caption-title-line-height:var(--h2_typography-line-height);--awb-caption-title-letter-spacing:var(--h2_typography-letter-spacing);\"><span class=\" fusion-imageframe imageframe-none imageframe-1 hover-type-none has-mask\"><img decoding=\"async\" width=\"400\" height=\"502\" alt=\"Portrait von Martin Klein\" title=\"Martin-Klein-Portrait\" src=\"https:\/\/prinect-anwendertage.org\/wp-content\/uploads\/2023\/07\/Martin-Klein-Portrait.jpg\" data-orig-src=\"https:\/\/prinect-anwendertage.org\/wp-content\/uploads\/2023\/07\/Martin-Klein-Portrait.jpg\" class=\"lazyload img-responsive wp-image-2182\" srcset=\"data:image\/svg+xml,%3Csvg%20xmlns%3D%27http%3A%2F%2Fwww.w3.org%2F2000%2Fsvg%27%20width%3D%27400%27%20height%3D%27502%27%20viewBox%3D%270%200%20400%20502%27%3E%3Crect%20width%3D%27400%27%20height%3D%27502%27%20fill-opacity%3D%220%22%2F%3E%3C%2Fsvg%3E\" data-srcset=\"https:\/\/prinect-anwendertage.org\/wp-content\/uploads\/2023\/07\/Martin-Klein-Portrait-200x251.jpg 200w, https:\/\/prinect-anwendertage.org\/wp-content\/uploads\/2023\/07\/Martin-Klein-Portrait.jpg 400w\" data-sizes=\"auto\" data-orig-sizes=\"(max-width: 640px) 100vw, 400px\" \/><\/span><\/div><div class=\"fusion-title title fusion-title-2 fusion-sep-none fusion-title-center fusion-title-text fusion-title-size-two\" style=\"--awb-margin-top-small:10px;--awb-margin-right-small:0px;--awb-margin-bottom-small:10px;--awb-margin-left-small:0px;--awb-font-size:24px;\"><h2 class=\"fusion-title-heading title-heading-center fusion-responsive-typography-calculated\" style=\"margin:0;font-size:1em;--fontSize:24;line-height:var(--awb-typography1-line-height);\">Martin Klein<\/h2><\/div><div class=\"fusion-text fusion-text-2\"><p><strong>Martin Klein<\/strong> is CEO of <a href=\"https:\/\/www.ctrl-s.de\/\" target=\"_blank\" rel=\"noopener\">ctrl-s GmbH<\/a> in Stuttgart, Germany.<br \/>\nctrl-s specialises in software, services and consulting for the digital transformation of print shops. <\/p>\n<p>ctrl-s supplies classic prepress services such as CtP and repro, develops software for production and media automation, web-to-print portals and provides consulting services.<\/p>\n<\/div><\/div><\/div><div class=\"fusion-layout-column fusion_builder_column fusion-builder-column-2 fusion_builder_column_1_3 1_3 fusion-flex-column\" style=\"--awb-padding-right:5%;--awb-padding-bottom:5%;--awb-padding-left:5%;--awb-bg-size:cover;--awb-box-shadow:0px 0px 25px 0px rgba(27,27,27,0.15);;--awb-width-large:33.333333333333%;--awb-margin-top-large:0px;--awb-spacing-right-large:5.76%;--awb-margin-bottom-large:100px;--awb-spacing-left-large:5.76%;--awb-width-medium:50%;--awb-order-medium:0;--awb-spacing-right-medium:3.84%;--awb-spacing-left-medium:3.84%;--awb-width-small:100%;--awb-order-small:0;--awb-spacing-right-small:1.92%;--awb-spacing-left-small:1.92%;\"><div class=\"fusion-column-wrapper fusion-column-has-shadow fusion-flex-justify-content-flex-start fusion-content-layout-column\"><div class=\"fusion-image-element \" style=\"text-align:center;--awb-mask-url: url(https:\/\/prinect-anwendertage.org\/wp-content\/plugins\/fusion-builder\/\/assets\/images\/masks\/mask-3.svg);--awb-margin-top:-50px;--awb-caption-title-font-family:var(--h2_typography-font-family);--awb-caption-title-font-weight:var(--h2_typography-font-weight);--awb-caption-title-font-style:var(--h2_typography-font-style);--awb-caption-title-size:var(--h2_typography-font-size);--awb-caption-title-transform:var(--h2_typography-text-transform);--awb-caption-title-line-height:var(--h2_typography-line-height);--awb-caption-title-letter-spacing:var(--h2_typography-letter-spacing);\"><span class=\" fusion-imageframe imageframe-none imageframe-2 hover-type-none has-mask\"><img decoding=\"async\" width=\"90\" height=\"120\" alt=\"Portrait Frank Karl\" title=\"Frank Karl\" src=\"data:image\/svg+xml,%3Csvg%20xmlns%3D%27http%3A%2F%2Fwww.w3.org%2F2000%2Fsvg%27%20width%3D%2790%27%20height%3D%27120%27%20viewBox%3D%270%200%2090%20120%27%3E%3Crect%20width%3D%2790%27%20height%3D%27120%27%20fill-opacity%3D%220%22%2F%3E%3C%2Fsvg%3E\" data-orig-src=\"https:\/\/prinect-anwendertage.org\/wp-content\/uploads\/2018\/08\/Frank-Karl.jpg\" class=\"lazyload img-responsive wp-image-1442\"\/><\/span><\/div><div class=\"fusion-title title fusion-title-3 fusion-sep-none fusion-title-center fusion-title-text fusion-title-size-two\" style=\"--awb-margin-top-small:10px;--awb-margin-right-small:0px;--awb-margin-bottom-small:10px;--awb-margin-left-small:0px;--awb-font-size:24px;\"><h2 class=\"fusion-title-heading title-heading-center fusion-responsive-typography-calculated\" style=\"margin:0;font-size:1em;--fontSize:24;line-height:var(--awb-typography1-line-height);\">Frank Karl<\/h2><\/div><div class=\"fusion-text fusion-text-3\"><p><strong>Frank Karl<\/strong> is the Technical General Manager at <a href=\"https:\/\/www.rete.de\/\" target=\"_blank\" rel=\"noopener\">Medienhaus Rete\u00ae OHG<\/a> in Freiburg, Germany.<\/p>\n<p>The media company is active as a solution provider in the core business fields of mobile presentation systems, advertising and exhibition stand construction as well as prepress and media services with the focus on CtP.<\/p>\n<\/div><\/div><\/div><div class=\"fusion-layout-column fusion_builder_column fusion-builder-column-3 fusion_builder_column_1_3 1_3 fusion-flex-column\" style=\"--awb-padding-right:5%;--awb-padding-bottom:5%;--awb-padding-left:5%;--awb-bg-size:cover;--awb-box-shadow:0px 0px 25px 0px rgba(27,27,27,0.15);;--awb-width-large:33.333333333333%;--awb-margin-top-large:0px;--awb-spacing-right-large:5.76%;--awb-margin-bottom-large:100px;--awb-spacing-left-large:5.76%;--awb-width-medium:50%;--awb-order-medium:0;--awb-spacing-right-medium:3.84%;--awb-spacing-left-medium:3.84%;--awb-width-small:100%;--awb-order-small:0;--awb-spacing-right-small:1.92%;--awb-spacing-left-small:1.92%;\"><div class=\"fusion-column-wrapper fusion-column-has-shadow fusion-flex-justify-content-flex-start fusion-content-layout-column\"><div class=\"fusion-image-element \" style=\"text-align:center;--awb-mask-url: url(https:\/\/prinect-anwendertage.org\/wp-content\/plugins\/fusion-builder\/\/assets\/images\/masks\/mask-3.svg);--awb-margin-top:-50px;--awb-max-width:90px;--awb-caption-title-font-family:var(--h2_typography-font-family);--awb-caption-title-font-weight:var(--h2_typography-font-weight);--awb-caption-title-font-style:var(--h2_typography-font-style);--awb-caption-title-size:var(--h2_typography-font-size);--awb-caption-title-transform:var(--h2_typography-text-transform);--awb-caption-title-line-height:var(--h2_typography-line-height);--awb-caption-title-letter-spacing:var(--h2_typography-letter-spacing);\"><span class=\" fusion-imageframe imageframe-none imageframe-3 hover-type-none has-mask\"><img decoding=\"async\" width=\"239\" height=\"300\" alt=\"Volker Havel Portrait\" title=\"Volker Havel Portrait\" src=\"https:\/\/prinect-anwendertage.org\/wp-content\/uploads\/2023\/06\/Volker-Havel-Portrait.jpg\" data-orig-src=\"https:\/\/prinect-anwendertage.org\/wp-content\/uploads\/2023\/06\/Volker-Havel-Portrait-239x300.jpg\" class=\"lazyload img-responsive wp-image-1806\" srcset=\"data:image\/svg+xml,%3Csvg%20xmlns%3D%27http%3A%2F%2Fwww.w3.org%2F2000%2Fsvg%27%20width%3D%27400%27%20height%3D%27502%27%20viewBox%3D%270%200%20400%20502%27%3E%3Crect%20width%3D%27400%27%20height%3D%27502%27%20fill-opacity%3D%220%22%2F%3E%3C%2Fsvg%3E\" data-srcset=\"https:\/\/prinect-anwendertage.org\/wp-content\/uploads\/2023\/06\/Volker-Havel-Portrait-200x251.jpg 200w, https:\/\/prinect-anwendertage.org\/wp-content\/uploads\/2023\/06\/Volker-Havel-Portrait.jpg 400w\" data-sizes=\"auto\" data-orig-sizes=\"(max-width: 640px) 100vw, 239px\" \/><\/span><\/div><div class=\"fusion-title title fusion-title-4 fusion-sep-none fusion-title-center fusion-title-text fusion-title-size-two\" style=\"--awb-margin-top-small:10px;--awb-margin-right-small:0px;--awb-margin-bottom-small:10px;--awb-margin-left-small:0px;--awb-font-size:24px;\"><h2 class=\"fusion-title-heading title-heading-center fusion-responsive-typography-calculated\" style=\"margin:0;font-size:1em;--fontSize:24;line-height:var(--awb-typography1-line-height);\">Volker Havel<\/h2><\/div><div class=\"fusion-text fusion-text-4\"><p><strong>Volker Havel <\/strong>is a member of the management team at <a href=\"https:\/\/meo-media.de\/\" target=\"_blank\" rel=\"noopener\">Meinders &amp; Elstermann GmbH &amp; Co. KG<\/a>, based in Belm near Osnabr\u00fcck.<\/p>\n<p>A long-established company with a history spanning 140 years, now an expert in offset and digital printing with its own pre-press department, and since 2024 also active in packaging, with a total of four locations.<br \/>The company&#8217;s core business is offset printing, with a focus on high-quality, large-format products. As a perfect added value, the business areas mailing, packaging as well as logistics and fulfillment were strongly expanded.<\/p>\n<\/div><\/div><\/div><div class=\"fusion-layout-column fusion_builder_column fusion-builder-column-4 fusion_builder_column_1_3 1_3 fusion-flex-column\" style=\"--awb-padding-right:5%;--awb-padding-bottom:5%;--awb-padding-left:5%;--awb-bg-size:cover;--awb-box-shadow:0px 0px 25px 0px rgba(27,27,27,0.15);;--awb-width-large:33.333333333333%;--awb-margin-top-large:0px;--awb-spacing-right-large:5.76%;--awb-margin-bottom-large:100px;--awb-spacing-left-large:5.76%;--awb-width-medium:50%;--awb-order-medium:0;--awb-spacing-right-medium:3.84%;--awb-spacing-left-medium:3.84%;--awb-width-small:100%;--awb-order-small:0;--awb-spacing-right-small:1.92%;--awb-spacing-left-small:1.92%;\"><div class=\"fusion-column-wrapper fusion-column-has-shadow fusion-flex-justify-content-flex-start fusion-content-layout-column\"><div class=\"fusion-image-element \" style=\"text-align:center;--awb-mask-url: url(https:\/\/prinect-anwendertage.org\/wp-content\/plugins\/fusion-builder\/\/assets\/images\/masks\/mask-3.svg);--awb-mask-size: cover;--awb-margin-top:-50px;--awb-caption-title-font-family:var(--h2_typography-font-family);--awb-caption-title-font-weight:var(--h2_typography-font-weight);--awb-caption-title-font-style:var(--h2_typography-font-style);--awb-caption-title-size:var(--h2_typography-font-size);--awb-caption-title-transform:var(--h2_typography-text-transform);--awb-caption-title-line-height:var(--h2_typography-line-height);--awb-caption-title-letter-spacing:var(--h2_typography-letter-spacing);\"><span class=\" fusion-imageframe imageframe-none imageframe-4 hover-type-none has-mask\"><img decoding=\"async\" width=\"90\" height=\"120\" alt=\"Portrait Mariusz Lewandowski\" title=\"Mariusz Lewandowski\" src=\"data:image\/svg+xml,%3Csvg%20xmlns%3D%27http%3A%2F%2Fwww.w3.org%2F2000%2Fsvg%27%20width%3D%2790%27%20height%3D%27120%27%20viewBox%3D%270%200%2090%20120%27%3E%3Crect%20width%3D%2790%27%20height%3D%27120%27%20fill-opacity%3D%220%22%2F%3E%3C%2Fsvg%3E\" data-orig-src=\"https:\/\/prinect-anwendertage.org\/wp-content\/uploads\/2018\/08\/Mariusz-Lewandowski.jpg\" class=\"lazyload img-responsive wp-image-1443\"\/><\/span><\/div><div class=\"fusion-title title fusion-title-5 fusion-sep-none fusion-title-center fusion-title-text fusion-title-size-two\" style=\"--awb-margin-top-small:10px;--awb-margin-right-small:0px;--awb-margin-bottom-small:10px;--awb-margin-left-small:0px;--awb-font-size:24px;\"><h2 class=\"fusion-title-heading title-heading-center fusion-responsive-typography-calculated\" style=\"margin:0;font-size:1em;--fontSize:24;line-height:var(--awb-typography1-line-height);\">Mariusz Lewandowski<\/h2><\/div><div class=\"fusion-text fusion-text-5\"><p><strong>Mariusz Lewandowski<\/strong> is Managing Director of <a href=\"https:\/\/niceproject.eu\/\" target=\"_blank\" rel=\"noopener\">NiceProject<\/a> in Wroclaw, Poland. The software services company was founded in 2017.<\/p>\n<p>NiceProject takes on projects specifically for software used in the printing industry. Mariusz previously worked for a long time as a managing director in printing companies and is therefore an industry expert. <\/p>\n<\/div><\/div><\/div><div class=\"fusion-layout-column fusion_builder_column fusion-builder-column-5 fusion_builder_column_1_3 1_3 fusion-flex-column\" style=\"--awb-padding-right:5%;--awb-padding-bottom:5%;--awb-padding-left:5%;--awb-bg-size:cover;--awb-box-shadow:0px 0px 25px 0px rgba(27,27,27,0.15);;--awb-width-large:33.333333333333%;--awb-margin-top-large:0px;--awb-spacing-right-large:5.76%;--awb-margin-bottom-large:100px;--awb-spacing-left-large:5.76%;--awb-width-medium:50%;--awb-order-medium:0;--awb-spacing-right-medium:3.84%;--awb-spacing-left-medium:3.84%;--awb-width-small:100%;--awb-order-small:0;--awb-spacing-right-small:1.92%;--awb-spacing-left-small:1.92%;\"><div class=\"fusion-column-wrapper fusion-column-has-shadow fusion-flex-justify-content-flex-start fusion-content-layout-column\"><div class=\"fusion-image-element \" style=\"text-align:center;--awb-mask-url: url(https:\/\/prinect-anwendertage.org\/wp-content\/plugins\/fusion-builder\/\/assets\/images\/masks\/mask-3.svg);--awb-margin-top:-50px;--awb-max-width:90px;--awb-caption-title-font-family:var(--h2_typography-font-family);--awb-caption-title-font-weight:var(--h2_typography-font-weight);--awb-caption-title-font-style:var(--h2_typography-font-style);--awb-caption-title-size:var(--h2_typography-font-size);--awb-caption-title-transform:var(--h2_typography-text-transform);--awb-caption-title-line-height:var(--h2_typography-line-height);--awb-caption-title-letter-spacing:var(--h2_typography-letter-spacing);\"><span class=\" fusion-imageframe imageframe-none imageframe-5 hover-type-none has-mask\"><img decoding=\"async\" width=\"905\" height=\"1024\" title=\"JohannKappenberger\" src=\"https:\/\/prinect-anwendertage.org\/wp-content\/uploads\/2024\/09\/JohannKappenberger.jpg\" data-orig-src=\"https:\/\/prinect-anwendertage.org\/wp-content\/uploads\/2024\/09\/JohannKappenberger-905x1024.jpg\" alt class=\"lazyload img-responsive wp-image-2748\" srcset=\"data:image\/svg+xml,%3Csvg%20xmlns%3D%27http%3A%2F%2Fwww.w3.org%2F2000%2Fsvg%27%20width%3D%272008%27%20height%3D%272272%27%20viewBox%3D%270%200%202008%202272%27%3E%3Crect%20width%3D%272008%27%20height%3D%272272%27%20fill-opacity%3D%220%22%2F%3E%3C%2Fsvg%3E\" data-srcset=\"https:\/\/prinect-anwendertage.org\/wp-content\/uploads\/2024\/09\/JohannKappenberger-200x226.jpg 200w, https:\/\/prinect-anwendertage.org\/wp-content\/uploads\/2024\/09\/JohannKappenberger-400x453.jpg 400w, https:\/\/prinect-anwendertage.org\/wp-content\/uploads\/2024\/09\/JohannKappenberger-600x679.jpg 600w, https:\/\/prinect-anwendertage.org\/wp-content\/uploads\/2024\/09\/JohannKappenberger-800x905.jpg 800w, https:\/\/prinect-anwendertage.org\/wp-content\/uploads\/2024\/09\/JohannKappenberger-1200x1358.jpg 1200w\" data-sizes=\"auto\" data-orig-sizes=\"(max-width: 640px) 100vw, 400px\" \/><\/span><\/div><div class=\"fusion-title title fusion-title-6 fusion-sep-none fusion-title-center fusion-title-text fusion-title-size-two\" style=\"--awb-margin-top-small:10px;--awb-margin-right-small:0px;--awb-margin-bottom-small:10px;--awb-margin-left-small:0px;--awb-font-size:24px;\"><h2 class=\"fusion-title-heading title-heading-center fusion-responsive-typography-calculated\" style=\"margin:0;font-size:1em;--fontSize:24;line-height:var(--awb-typography1-line-height);\">Johann Kappenberger<\/h2><\/div><div class=\"fusion-text fusion-text-6\"><p style=\"font-weight: 400;\"><strong>Johann Kappenberger<\/strong> is Prepress Manager at <a href=\"https:\/\/www.aumueller-druck.de\/\">Aum\u00fcller Druck GmbH Co. KG<\/a> in Regensburg.<\/p>\n<p style=\"font-weight: 400;\">Modern technology, intelligent processes and dedicated employees are the ingredients for what Aum\u00fcller Druck masters like no other print shop: the industrial commercial printing of leaflets, magazines, brochures and catalogues.<\/p>\n<\/div><\/div><\/div><div class=\"fusion-layout-column fusion_builder_column fusion-builder-column-6 fusion_builder_column_1_3 1_3 fusion-flex-column\" style=\"--awb-padding-right:5%;--awb-padding-bottom:5%;--awb-padding-left:5%;--awb-bg-size:cover;--awb-box-shadow:0px 0px 25px 0px rgba(27,27,27,0.15);;--awb-width-large:33.333333333333%;--awb-margin-top-large:0px;--awb-spacing-right-large:5.76%;--awb-margin-bottom-large:100px;--awb-spacing-left-large:5.76%;--awb-width-medium:50%;--awb-order-medium:0;--awb-spacing-right-medium:3.84%;--awb-spacing-left-medium:3.84%;--awb-width-small:100%;--awb-order-small:0;--awb-spacing-right-small:1.92%;--awb-spacing-left-small:1.92%;\"><div class=\"fusion-column-wrapper fusion-column-has-shadow fusion-flex-justify-content-flex-start fusion-content-layout-column\"><div class=\"fusion-image-element \" style=\"text-align:center;--awb-aspect-ratio: 100 \/ 88;--awb-object-position:71% 27%;--awb-mask-url: url(https:\/\/prinect-anwendertage.org\/wp-content\/plugins\/fusion-builder\/\/assets\/images\/masks\/mask-3.svg);--awb-margin-top:-50px;--awb-max-width:111px;--awb-caption-title-font-family:var(--h2_typography-font-family);--awb-caption-title-font-weight:var(--h2_typography-font-weight);--awb-caption-title-font-style:var(--h2_typography-font-style);--awb-caption-title-size:var(--h2_typography-font-size);--awb-caption-title-transform:var(--h2_typography-text-transform);--awb-caption-title-line-height:var(--h2_typography-line-height);--awb-caption-title-letter-spacing:var(--h2_typography-letter-spacing);\"><div style=\"display:inline-block;width:111px;\"><span class=\" fusion-imageframe imageframe-none imageframe-6 hover-type-none has-mask has-aspect-ratio\"><img decoding=\"async\" width=\"300\" height=\"300\" title=\"yvonne-thiele-mediaprint\" src=\"https:\/\/prinect-anwendertage.org\/wp-content\/uploads\/2025\/10\/yvonne-thiele-mediaprint.jpeg\" data-orig-src=\"https:\/\/prinect-anwendertage.org\/wp-content\/uploads\/2025\/10\/yvonne-thiele-mediaprint-300x300.jpeg\" class=\"lazyload img-responsive wp-image-3315 img-with-aspect-ratio\" data-parent-fit=\"cover\" data-parent-container=\".fusion-image-element\" alt  fetchpriority=\"high\" srcset=\"data:image\/svg+xml,%3Csvg%20xmlns%3D%27http%3A%2F%2Fwww.w3.org%2F2000%2Fsvg%27%20width%3D%27800%27%20height%3D%27800%27%20viewBox%3D%270%200%20800%20800%27%3E%3Crect%20width%3D%27800%27%20height%3D%27800%27%20fill-opacity%3D%220%22%2F%3E%3C%2Fsvg%3E\" data-srcset=\"https:\/\/prinect-anwendertage.org\/wp-content\/uploads\/2025\/10\/yvonne-thiele-mediaprint-200x200.jpeg 200w, https:\/\/prinect-anwendertage.org\/wp-content\/uploads\/2025\/10\/yvonne-thiele-mediaprint-400x400.jpeg 400w, https:\/\/prinect-anwendertage.org\/wp-content\/uploads\/2025\/10\/yvonne-thiele-mediaprint-600x600.jpeg 600w, https:\/\/prinect-anwendertage.org\/wp-content\/uploads\/2025\/10\/yvonne-thiele-mediaprint.jpeg 800w\" data-sizes=\"auto\" data-orig-sizes=\"(max-width: 640px) 100vw, 400px\" \/><\/span><\/div><\/div><div class=\"fusion-title title fusion-title-7 fusion-sep-none fusion-title-center fusion-title-text fusion-title-size-two\" style=\"--awb-margin-top-small:10px;--awb-margin-right-small:0px;--awb-margin-bottom-small:10px;--awb-margin-left-small:0px;--awb-font-size:24px;\"><h2 class=\"fusion-title-heading title-heading-center fusion-responsive-typography-calculated\" style=\"margin:0;font-size:1em;--fontSize:24;line-height:var(--awb-typography1-line-height);\">Yvonne Thiele<\/h2><\/div><div class=\"fusion-text fusion-text-7\"><p>Yvonne Thiele is Head of Purchasing at <a href=\"https:\/\/mediaprint.de\/\" target=\"_blank\" rel=\"noopener\">mediaprint solutions GmbH<\/a> in Paderborn.<\/p>\n<p>mediaprint solutions GmbH stands for innovative, sustainable and flexible print media solutions \u2013 from print runs of 1 to large print runs.<br \/>\nWith digital networking, smart factory technology and personal service, it implements efficient, resource-saving communication solutions for companies of all sizes.<\/p>\n<\/div><\/div><\/div><div class=\"fusion-layout-column fusion_builder_column fusion-builder-column-7 fusion_builder_column_1_1 1_1 fusion-flex-column\" style=\"--awb-padding-right:5%;--awb-padding-bottom:5%;--awb-padding-left:5%;--awb-bg-size:cover;--awb-box-shadow:0px 0px 25px 0px rgba(27,27,27,0.15);;--awb-width-large:100%;--awb-margin-top-large:0px;--awb-spacing-right-large:1.92%;--awb-margin-bottom-large:100px;--awb-spacing-left-large:1.92%;--awb-width-medium:50%;--awb-order-medium:0;--awb-spacing-right-medium:3.84%;--awb-spacing-left-medium:3.84%;--awb-width-small:100%;--awb-order-small:0;--awb-spacing-right-small:1.92%;--awb-spacing-left-small:1.92%;\"><div class=\"fusion-column-wrapper fusion-column-has-shadow fusion-flex-justify-content-flex-start fusion-content-layout-column\"><div class=\"fusion-image-element \" style=\"text-align:center;--awb-mask-url: url(https:\/\/prinect-anwendertage.org\/wp-content\/plugins\/fusion-builder\/\/assets\/images\/masks\/mask-3.svg);--awb-margin-top:-50px;--awb-caption-title-font-family:var(--h2_typography-font-family);--awb-caption-title-font-weight:var(--h2_typography-font-weight);--awb-caption-title-font-style:var(--h2_typography-font-style);--awb-caption-title-size:var(--h2_typography-font-size);--awb-caption-title-transform:var(--h2_typography-text-transform);--awb-caption-title-line-height:var(--h2_typography-line-height);--awb-caption-title-letter-spacing:var(--h2_typography-letter-spacing);\"><span class=\" fusion-imageframe imageframe-none imageframe-7 hover-type-none has-mask\"><img decoding=\"async\" width=\"90\" height=\"112\" alt=\"Portrait Thomas Schubert\" title=\"Thomas Schubert\" src=\"data:image\/svg+xml,%3Csvg%20xmlns%3D%27http%3A%2F%2Fwww.w3.org%2F2000%2Fsvg%27%20width%3D%2790%27%20height%3D%27112%27%20viewBox%3D%270%200%2090%20112%27%3E%3Crect%20width%3D%2790%27%20height%3D%27112%27%20fill-opacity%3D%220%22%2F%3E%3C%2Fsvg%3E\" data-orig-src=\"https:\/\/prinect-anwendertage.org\/wp-content\/uploads\/2022\/04\/Thomas-Schubert-2022.jpg\" class=\"lazyload img-responsive wp-image-1474\"\/><\/span><\/div><div class=\"fusion-title title fusion-title-8 fusion-sep-none fusion-title-center fusion-title-text fusion-title-size-two\" style=\"--awb-margin-top-small:10px;--awb-margin-right-small:0px;--awb-margin-bottom-small:10px;--awb-margin-left-small:0px;--awb-font-size:24px;\"><h2 class=\"fusion-title-heading title-heading-center fusion-responsive-typography-calculated\" style=\"margin:0;font-size:1em;--fontSize:24;line-height:var(--awb-typography1-line-height);\">Thomas Schubert<\/h2><\/div><div class=\"fusion-text fusion-text-8\"><p><strong>Thomas Schubert<\/strong> is working with <a href=\"https:\/\/www.colorgate.com\/de\/\" target=\"_blank\" rel=\"noopener\">ColorGATE<\/a> in Hannover, an independent subsidiary of Ricoh Company Ltd.<\/p>\n<p>ColorGATE verf\u00fcgt \u00fcber ein innovatives und modulares Portfolio an Software- und Hardwarel\u00f6sungen f\u00fcr industrielle Druck- und Dekorationsprozesse entlang der gesamten Wertsch\u00f6pfungskette. Ein Hauptaugenmerk liegt dabei auf optimaler, konsistenter Farbwiedergabe und maximaler Produktivit\u00e4t. <\/p>\n<\/div><\/div><\/div><\/div><\/div>\n","protected":false},"excerpt":{"rendered":"","protected":false},"author":3,"featured_media":0,"parent":0,"menu_order":0,"comment_status":"closed","ping_status":"closed","template":"100-width.php","meta":{"_acf_changed":false,"footnotes":""},"class_list":["post-1808","page","type-page","status-publish","hentry"],"acf":[],"_links":{"self":[{"href":"https:\/\/prinect-anwendertage.org\/en\/wp-json\/wp\/v2\/pages\/1808","targetHints":{"allow":["GET"]}}],"collection":[{"href":"https:\/\/prinect-anwendertage.org\/en\/wp-json\/wp\/v2\/pages"}],"about":[{"href":"https:\/\/prinect-anwendertage.org\/en\/wp-json\/wp\/v2\/types\/page"}],"author":[{"embeddable":true,"href":"https:\/\/prinect-anwendertage.org\/en\/wp-json\/wp\/v2\/users\/3"}],"replies":[{"embeddable":true,"href":"https:\/\/prinect-anwendertage.org\/en\/wp-json\/wp\/v2\/comments?post=1808"}],"version-history":[{"count":0,"href":"https:\/\/prinect-anwendertage.org\/en\/wp-json\/wp\/v2\/pages\/1808\/revisions"}],"wp:attachment":[{"href":"https:\/\/prinect-anwendertage.org\/en\/wp-json\/wp\/v2\/media?parent=1808"}],"curies":[{"name":"wp","href":"https:\/\/api.w.org\/{rel}","templated":true}]}}